{"id":5538,"date":"2018-01-02T16:46:17","date_gmt":"2018-01-02T15:46:17","guid":{"rendered":"http:\/\/wp13400965.server-he.de\/datenschutzerklaerung\/"},"modified":"2021-01-20T12:01:40","modified_gmt":"2021-01-20T11:01:40","slug":"protection-des-donnees","status":"publish","type":"page","link":"https:\/\/www.jola-info.de\/fr\/protection-des-donnees\/","title":{"rendered":"Protection des donn\u00e9es"},"content":{"rendered":"<div id=\"c2428\" class=\"csc-default\">\n<h1>Datenschutzerkl\u00e4rung<\/h1>\n<p><b>1.\u00a0\u00a0\u00a0\u00a0\u00a0\u00a0\u00a0\u00a0 Allgemeines<\/b><\/p>\n<p><b>1.1\u00a0\u00a0\u00a0\u00a0\u00a0\u00a0\u00a0 Personenbezogene Daten (Art. 4 Nr. 1 DS-GVO)<\/b><\/p>\n<p>Gegenstand des Datenschutzes sind personenbezogene Daten (nachfolgend auch Daten). Dies sind alle Informationen, die sich auf eine identifizierte oder identifizierbare nat\u00fcrliche Person beziehen. Hierunter fallen z.\u00a0B. Angaben wie Name, Adresse, Beruf, E-Mail-Adresse, Gesundheitszustand, Einkommen, Familienstand, genetische Merkmale, Telefonnummer und gegebenenfalls auch Nutzerdaten wie die IP-Adresse.<\/p>\n<p><b>1.2 \u00a0\u00a0\u00a0\u00a0\u00a0\u00a0 Verantwortlicher (Art. 4 Nr. 7 DS-GVO)<br \/>\n<\/b><\/p>\n<p>Der Verantwortliche f\u00fcr die Verarbeitung Ihrer personenbezogenen Daten im Rahmen der Nutzung der Webseite www.jola-info.de (nachfolgend Webseite) ist die Jola Spezialschalter GmbH &amp; Co. KG (nachfolgend Betreiber oder Verantwortlicher). Die Kontaktdaten sind:<\/p>\n<p>Jola Spezialschalter GmbH &amp; Co. KG<br \/>\nKlostergartenstr. 11<br \/>\n67466 Lambrecht<br \/>\nDeutschland<br \/>\nTelefon: +49 6325 188-01<br \/>\nTelefax: +49 6325 188-11<br \/>\nE-Mail: <a>kontakt@jola-info.de<\/a> <a>kontakt@jola-info.de<\/a><\/p>\n<p>Pers\u00f6nlich haftender Gesellschafter:<br \/>\nMattil Beteiligungs GmbH, Klostergartenstr. 11, 67466 Lambrecht, Deutschland<br \/>\nGesch\u00e4ftsf\u00fchrer: Lars Mattil, Volker Mattil<\/p>\n<p><b>1.3 \u00a0\u00a0\u00a0\u00a0\u00a0\u00a0 Datenschutzbeauftragter<br \/>\n<\/b><\/p>\n<p>Der Verantwortliche hat einen externen Datenschutzbeauftragten bestellt. Dieser ist unter der E-Mail-Adresse <a>datenschutz@m-consecom.de<\/a> erreichbar.<\/p>\n<p><b>1.4 \u00a0\u00a0\u00a0\u00a0\u00a0\u00a0 Widerspruchsm\u00f6glichkeit<br \/>\n<\/b><\/p>\n<p>Sofern Sie der Verarbeitung Ihrer Daten durch den Betreiber nach Ma\u00dfgabe dieser Datenschutzerkl\u00e4rung insgesamt oder f\u00fcr einzelne Ma\u00dfnahmen widersprechen wollen, k\u00f6nnen Sie dies unter den im Impressum angegebenen Kontaktdaten tun. Bitte beachten Sie, dass im Falle eines solchen Widerspruchs die Nutzung der Webseite und der Abruf der hier\u00fcber angebotenen Leistungen unter Umst\u00e4nden nur eingeschr\u00e4nkt oder \u00fcberhaupt nicht m\u00f6glich sind.<\/p>\n<p><b>2.\u00a0\u00a0\u00a0\u00a0\u00a0\u00a0\u00a0\u00a0 Umfang und Zwecke der Datenverarbeitung, Rechtsgrundlagen, Bereitstellung von Daten und Dauer der Speicherung<\/b><\/p>\n<p><b>2.1\u00a0\u00a0\u00a0\u00a0\u00a0\u00a0\u00a0 Aufruf und Nutzung der Website<br \/>\n<\/b><\/p>\n<p>Bei jedem Zugriff auf die Webseite und deren Unterseiten werden Nutzungsdaten durch den jeweiligen Internetbrowser \u00fcbermittelt und in Protokolldateien gespeichert (Server Logfiles). Die dabei gespeicherten Datens\u00e4tze enthalten die folgenden Dat<\/p>\n<ul>\n<li>Datum und Uhrzeit des Abrufs<\/li>\n<li>Name der aufgerufenen Unterseite<\/li>\n<li>IP-Adresse<\/li>\n<li>Referrer-URL (Herkunfts-URL, von der aus Sie auf die Webseite gekommen sind)<\/li>\n<li>\u00dcbertragene Datenmenge<\/li>\n<li>Produkt- und Versionsinformationen des verwendeten Browsers<\/li>\n<\/ul>\n<p>Die Zul\u00e4ssigkeit dieser Verarbeitung richtet sich nach Art. 6 Abs. 1 b) DS-GVO, wonach die Verarbeitung rechtm\u00e4\u00dfig ist, wenn sie f\u00fcr die Erf\u00fcllung eines Vertrags, dessen Vertragspartei die betroffene Person ist, oder zur Durchf\u00fchrung vorvertraglicher Ma\u00dfnahmen erforderlich ist, die auf Anfrage der betroffenen Person erfolgen. Die vom Betreiber verarbeiteten Daten werden von diesem ben\u00f6tigt, um Ihnen den Aufruf und die Nutzung der Webseite zu erm\u00f6glichen. Es handelt sich hierbei um Daten, die w\u00e4hrend der Nutzung eines Telemediums notwendigerweise verarbeitet werden m\u00fcssen. Ansonsten k\u00f6nne Sie die Webseite nicht aufrufen.<\/p>\n<p>Die Protokolldateien werden vom Betreiber in anonymisierter Form ausgewertet, um die Webseite weiter zu verbessern und nutzerfreundlicher zu gestalten, Fehler schneller zu finden und zu beheben sowie Serverkapazit\u00e4ten zu steuern. So kann beispielsweise nachvollzogen werden, zu welcher Zeit die Nutzung der Webseite besonders beliebt ist und der Betreiber kann entsprechendes Datenvolumen zur Verf\u00fcgung stellen.<\/p>\n<p>Die Zul\u00e4ssigkeit dieser Verarbeitung richtet sich nach Art. 6 Abs. 1 f) DS-GVO, wonach die Verarbeitung rechtm\u00e4\u00dfig ist, wenn sie zur Wahrung der berechtigten Interessen des Verantwortlichen oder eines Dritten erforderlich ist, sofern nicht die Interessen oder Grundrechte und Grundfreiheiten der betroffenen Person \u00fcberwiegen, die den Schutz personenbezogener Daten erfordern. Das berechtigte Interesse des Betreibers liegt in der Zurverf\u00fcgungstellung einer Webseite mit Informationen und dem Anbieten von Leistungen gegen\u00fcber seinen Kunden sowie der Optimierung des Webseitenbetriebs.<\/p>\n<p>Ihre IP-Adresse wird nach Beendigung der Nutzung gel\u00f6scht oder anonymisiert. Bei einer Anonymisierung werden die IP-Adressen derart ge\u00e4ndert, dass diese nicht mehr oder nur mit einem unverh\u00e4ltnism\u00e4\u00dfig gro\u00dfen Aufwand an Zeit, Kosten und Arbeitskraft einer bestimmten oder bestimmbaren bzw. identifizierten oder identifizierbaren nat\u00fcrlichen Person zugeordnet werden k\u00f6nnen.<\/p>\n<p><b>2.2 \u00a0\u00a0\u00a0\u00a0\u00a0\u00a0 Kontaktformular und E-Mail auf Klick<\/b><\/p>\n<p>Unter dem Men\u00fcpunkt \u201eKontakt\u201c und an anderen Stellen auf der Webseite haben Sie die M\u00f6glichkeit, mit nur einem Klick auf die E-Mail-Adresse kontakt@jola-info.de eine an den Betreiber gerichtete E-Mail zu \u00f6ffnen. Hierbei wird als Absender automatisch diejenige E-Mail-Adresse eingesetzt, die mit Ihrem E-Mail-Programm verkn\u00fcpft ist. Falls Sie nicht m\u00f6chten, dass Ihre E-Mail-Adresse auf diese Weise abgerufen wird, k\u00f6nnen Sie dies in den Einstellungen Ihres jeweiligen E-Mail-Programms \u00e4ndern.<\/p>\n<p>Die Zul\u00e4ssigkeit dieser Verarbeitung richtet sich nach Art. 6 Abs. 1 b) DS-GVO, wonach die Verarbeitung rechtm\u00e4\u00dfig ist, wenn sie f\u00fcr die Erf\u00fcllung eines Vertrags, dessen Vertragspartei die betroffene Person ist, oder zur Durchf\u00fchrung vorvertraglicher Ma\u00dfnahmen erforderlich ist, die auf Anfrage der betroffenen Person erfolgen. Die Bereitstellung der Daten ist erforderlich, da Sie dem Betreiber ansonsten keine Nachricht zukommen lassen k\u00f6nnen.<\/p>\n<p>Die im Rahmen der Kommunikation verarbeiteten personenbezogenen Daten werden nach Ablauf der gesetzlichen Aufbewahrungspflichten gel\u00f6scht, sofern der Verantwortliche nicht ein berechtigtes Interesse an der weiteren Aufbewahrung hat. Es werden in jedem Fall nur diejenigen Daten weiterhin gespeichert, die f\u00fcr die Erreichung des entsprechenden Zwecks auch wirklich zwingend ben\u00f6tigt werden. Soweit m\u00f6glich, werden die personenbezogenen Daten anonymisiert.<\/p>\n<p><b>2.3\u00a0\u00a0\u00a0\u00a0\u00a0\u00a0\u00a0 Kataloganforderung<\/b><\/p>\n<p>Der Betreiber stellt ein Kontaktformular zur Verf\u00fcgung, \u00fcber das Sie einen aktuellen Katalog in Printform bestellen k\u00f6nnen. Zu diesem Zweck m\u00fcssen Sie die folgenden Daten angeben:<\/p>\n<ul>\n<li>Firma<\/li>\n<li>Name<\/li>\n<li>Vorname<\/li>\n<li>Anschrift<\/li>\n<li>Katalogsprache<\/li>\n<\/ul>\n<p>Die Zul\u00e4ssigkeit dieser Verarbeitung richtet sich nach Art. 6 Abs. 1 b) DS-GVO, wonach die Verarbeitung rechtm\u00e4\u00dfig ist, wenn sie f\u00fcr die Erf\u00fcllung eines Vertrags, dessen Vertragspartei die betroffene Person ist, oder zur Durchf\u00fchrung vorvertraglicher Ma\u00dfnahmen erforderlich ist, die auf Anfrage der betroffenen Person erfolgen. Die Bereitstellung der Daten ist erforderlich, da der Betreiber Ihnen ansonsten den angeforderten Katalog nicht per Post zukommen lassen kann.<\/p>\n<p>Die zum Zwecke des Katalogversands verarbeiteten personenbezogenen Daten werden gel\u00f6scht, sofern der Verantwortliche nicht ein berechtigtes Interesse an der weiteren Aufbewahrung hat. Es werden in jedem Fall nur diejenigen Daten weiterhin gespeichert, die f\u00fcr die Erreichung des entsprechenden Zwecks auch wirklich zwingend ben\u00f6tigt werden.<\/p>\n<p><b>2.4 \u00a0\u00a0\u00a0\u00a0\u00a0\u00a0 Werbung<\/b><\/p>\n<p>Der Betreiber verwendet Ihre Daten zu Zwecken der Werbung. Die Zul\u00e4ssigkeit dieser Verarbeitung richtet sich nach Art. 6 Abs. 1 a) DS-GVO, wonach die Verarbeitung rechtm\u00e4\u00dfig ist, wenn die betroffene Person ihre Einwilligung zu der Verarbeitung der sie betreffenden personenbezogenen Daten f\u00fcr einen oder mehrere bestimmte Zwecke gegeben hat.<\/p>\n<p>Die zum Zwecke der Werbung verarbeiteten personenbezogenen Daten werden gel\u00f6scht, sofern der Verantwortliche nicht ein berechtigtes Interesse an der weiteren Aufbewahrung hat. Es werden in jedem Fall nur diejenigen Daten weiterhin gespeichert, die f\u00fcr die Erreichung des entsprechenden Zwecks auch wirklich zwingend ben\u00f6tigt werden.<\/p>\n<p><b>2.5 \u00a0\u00a0\u00a0\u00a0\u00a0\u00a0 Verwendung von Cookies zum Betrieb der Website<br \/>\n<\/b><\/p>\n<p>Der Betreiber verwendet sogenannte Cookies. Das sind kleine Datenpakete, die normalerweise aus Buchstaben und Nummern bestehen und die auf einem Browser gespeichert werden, wenn Sie bestimmte Webseiten besuchen. Die Cookies erlauben es der Webseite, Ihren Browser wiederzuerkennen, Ihnen beim Surfen durch verschiedene Abteilungen der Webseite zu folgen und Sie zu identifizieren, wenn Sie auf die Webseite zur\u00fcckkehren. Cookies beinhalten keine Daten, die Sie pers\u00f6nlich identifizieren, aber die vom Betreiber gespeicherten Informationen \u00fcber Sie k\u00f6nnen den von den Cookies erhaltenen und in ihnen gespeicherten Daten zugeordnet werden.<\/p>\n<p>Informationen, die der Betreiber durch den Einsatz der Cookies von Ihnen erh\u00e4lt, k\u00f6nnen zu folgenden Zwecken verwendet werden:<\/p>\n<ul>\n<li>Wiedererkennung des Nutzerrechners beim Besuch auf der Webseite<\/li>\n<li>R\u00fcckverfolgung der Surfaktivit\u00e4ten des Nutzers auf der Webseite<\/li>\n<li>Verbesserung der Benutzerfreundlichkeit der Webseite<\/li>\n<li>Auswertung der Nutzung der Webseite<\/li>\n<li>Betrieb der Webseite<\/li>\n<li>Vorbeugung von Betrug und Verbesserung der Sicherheit der Webseite<\/li>\n<li>Individuelle Gestaltung der Webseite unter Ber\u00fccksichtigung der Bed\u00fcrfnisse der Nutzer<\/li>\n<\/ul>\n<p>Cookies richten auf einem Browser keinen Schaden an. Sie enthalten keine Viren und erlauben es dem Betreiber auch nicht, Sie auszusp\u00e4hen. Verwendung finden 2 Arten von Cookies:<\/p>\n<ul>\n<li>Tempor\u00e4re Cookies werden mit dem Schlie\u00dfen Ihres Browsers automatisch gel\u00f6scht (Session-Cookies).<\/li>\n<li>Dauerhafte Cookies haben demgegen\u00fcber eine maximale Lebensdauer von bis zu 20 Tagen. Diese Art von Cookies erm\u00f6glicht es, dass Sie beim Wiederaufruf nach Verlassen der Webseite wiedererkannt werden.<\/li>\n<\/ul>\n<p>Mithilfe der Cookies ist es dem Betreiber m\u00f6glich, Ihr Nutzungsverhalten zu oben genannten Zwecken und in entsprechendem Umfang nachzuvollziehen. Sie sollen Ihnen au\u00dferdem ein optimiertes Surfen auf der Webseite des Betreibers erm\u00f6glichen. Auch diese Daten erhebt der Betreiber nur in anonymisierter Form. Die Zul\u00e4ssigkeit dieser Verarbeitung richtet sich nach Art. 6 Abs. 1 f) DS-GVO, wonach die Verarbeitung rechtm\u00e4\u00dfig ist, wenn sie zur Wahrung der berechtigten Interessen des Verantwortlichen oder eines Dritten erforderlich ist, sofern nicht die Interessen oder Grundrechte und Grundfreiheiten der betroffenen Person \u00fcberwiegen, die den Schutz personenbezogener Daten erfordern. Das berechtigte Interesse des Betreibers liegt in der optimierten Darstellung seiner Webseite. Die Bereitstellung der Daten ist erforderlich, um die Webseite des Betreibers fehlerfrei aufrufen zu k\u00f6nnen. Wenn Sie keine Cookies akzeptieren oder bereits gesetzte Cookies l\u00f6schen, kann dies zu Funktionseinschr\u00e4nkungen der Webseite f\u00fchren.<\/p>\n<p>Tempor\u00e4re Cookies werden mit dem Schlie\u00dfen Ihres Browsers automatisch gel\u00f6scht (Session-Cookies). Dauerhafte Cookies haben demgegen\u00fcber eine maximale Lebensdauer von bis zu 20 Tagen. Diese Art von Cookies erm\u00f6glicht es, dass Sie beim Wiederaufruf nach Verlassen der Webseite wiedererkannt werden.<\/p>\n<p><b>3.\u00a0\u00a0\u00a0\u00a0\u00a0\u00a0\u00a0\u00a0 Recht auf Auskunft, Berichtigung, L\u00f6schung, Einschr\u00e4nkung, Widerspruch und Daten\u00fcbertragbarkeit<\/b><\/p>\n<p><b>3.1\u00a0\u00a0\u00a0\u00a0\u00a0\u00a0\u00a0 Recht auf Auskunft (Art. 15 DS-GVO)<\/b><\/p>\n<p>Der Betreiber erteilt Ihnen auf Antrag Auskunft dar\u00fcber, ob er Sie betreffende Daten verarbeitet. Der Betreiber bem\u00fcht sich, Anfragen auf Auskunft z\u00fcgig zu bearbeiten.<\/p>\n<p><b>3.2 \u00a0\u00a0\u00a0\u00a0\u00a0\u00a0 Recht auf Berichtigung (Art. 16 DS-GVO)<br \/>\n<\/b><\/p>\n<p>Sie haben das Recht, von dem Verantwortlichen unverz\u00fcglich die Berichtigung Sie betreffender unrichtiger personenbezogener Daten zu verlangen.<\/p>\n<p><b>3.3 \u00a0\u00a0\u00a0\u00a0\u00a0\u00a0 Recht auf L\u00f6schung (Art. 17 DS-GVO)<br \/>\n<\/b><\/p>\n<p>Sie haben das Recht, von dem Betreiber zu verlangen, dass Sie betreffende personenbezogene Daten unverz\u00fcglich gel\u00f6scht werden, und der Betreiber ist verpflichtet, personenbezogene Daten unverz\u00fcglich zu l\u00f6schen, sofern einer der in Art. 17 Abs. 1 a)-f) DS-GVO genannten Gr\u00fcnde zutrifft.<\/p>\n<p><b>3.4 \u00a0\u00a0\u00a0\u00a0\u00a0\u00a0 Recht auf Einschr\u00e4nkung (Art. 18 DS-GVO)<\/b><\/p>\n<p>Sie haben das Recht, vom Betreiber die Einschr\u00e4nkung der Verarbeitung zu verlangen, wenn eine der Voraussetzungen des Art. 18 Abs. 1 a)-d) DS-GVO gegeben ist.<\/p>\n<p><b>3.5 \u00a0\u00a0\u00a0\u00a0\u00a0\u00a0 Recht auf Widerspruch (Art. 21 DS-GVO)<br \/>\n<\/b><\/p>\n<p>Sie haben das Recht, aus Gr\u00fcnden, die sich aus Ihrer besonderen Situation ergeben, jederzeit gegen die Verarbeitung Sie betreffender personenbezogener Daten, die aufgrund von Art. 6 Abs. 1 e) oder f) DS-GVO erfolgt, Widerspruch einzulegen; dies gilt auch f\u00fcr ein auf diese Bestimmungen gest\u00fctztes Profiling. Der Betreiber verarbeitet Ihre personenbezogenen Daten nicht mehr, es sei denn, er kann zwingende schutzw\u00fcrdige Gr\u00fcnde f\u00fcr die Verarbeitung nachweisen, die Ihre Interessen, Rechte und Freiheiten \u00fcberwiegen, oder die Verarbeitung dient der Geltendmachung, Aus\u00fcbung oder Verteidigung von Rechtsanspr\u00fcchen.<\/p>\n<p>Werden Ihre personenbezogene Daten verarbeitet, um Direktwerbung zu betreiben, so haben Sie das Recht, jederzeit Widerspruch gegen die Verarbeitung Sie betreffender personenbezogener Daten zum Zwecke derartiger Werbung einzulegen; dies gilt auch f\u00fcr das Profiling, soweit es mit solcher Direktwerbung in Verbindung steht.<\/p>\n<p>Sie haben das Recht, aus Gr\u00fcnden, die sich aus Ihrer besonderen Situation ergeben, gegen die Sie betreffende Verarbeitung Sie betreffender personenbezogener Daten, die zu wissenschaftlichen oder historischen Forschungszwecken oder zu statistischen Zwecken gem\u00e4\u00df Art. 89 Abs. 1 DS-GVO erfolgt, Widerspruch einzulegen, es sei denn, die Verarbeitung ist zur Erf\u00fcllung einer im \u00f6ffentlichen Interesse liegenden Aufgabe erforderlich.<\/p>\n<p>F\u00fcr Ihre Mitteilung verwenden Sie bitte die im Impressum angegebene Kontaktadresse.<\/p>\n<p><b>3.6 \u00a0\u00a0\u00a0\u00a0\u00a0\u00a0 Recht auf Daten\u00fcbertragbarkeit (Art. 20 DS-GVO)<\/b><\/p>\n<p>Sie haben das Recht, die Sie betreffenden personenbezogenen Daten, die Sie dem Betreiber bereitgestellt haben, in einem strukturierten, g\u00e4ngigen und maschinenlesbaren Format zu erhalten, und Sie haben das Recht, diese Daten einem anderen Verantwortlichen ohne Behinderung durch den Betreiber, dem die personenbezogenen Daten bereitgestellt wurden, zu \u00fcbermitteln, sofern die Verarbeitung auf einer Einwilligung gem\u00e4\u00df Art. 6 Abs. 1 a) DS-GVO, Art. 9 Abs. 2 a) DS-GVO oder auf einem Vertrag gem\u00e4\u00df Art. 6 Abs. 1 b) DS-GVO beruht und die Verarbeitung mithilfe automatisierter Verfahren erfolgt.<\/p>\n<p><b>4.\u00a0\u00a0\u00a0\u00a0\u00a0\u00a0\u00a0\u00a0 Widerruf Ihrer Einwilligung<\/b><\/p>\n<p>Sofern Sie eine Einwilligung in die Verarbeitung Ihrer personenbezogenen Daten erteilt haben und diese widerrufen, bleibt die bis zum Zeitpunkt dieses Widerrufs erfolgte Verarbeitung hiervon unber\u00fchrt.<\/p>\n<p><b>5.\u00a0\u00a0\u00a0\u00a0\u00a0\u00a0\u00a0\u00a0 Beschwerderecht<\/b><\/p>\n<p>Sie haben jederzeit das Recht, sich bei der zust\u00e4ndigen Aufsichtsbeh\u00f6rde zu beschweren.<\/p>\n<p><b>6.\u00a0\u00a0\u00a0\u00a0\u00a0\u00a0\u00a0\u00a0 Empf\u00e4nger<\/b><\/p>\n<p>Die bei Aufruf und Nutzung der Webseite erhobenen Daten und die von Ihnen bei der Kontaktaufnahme gemachten Angaben werden an den Server des Betreibers \u00fcbermittelt und dort gespeichert. Im \u00dcbrigen k\u00f6nnen Ihre Daten an folgende Kategorien von Empf\u00e4ngern weitergegeben werden:<\/p>\n<ul>\n<li>Interne Stellen, die mit der Verarbeitung Ihrer personenbezogenen Daten befasst sind (z.\u00a0B. Marketingabteilung, Kundenservice)<\/li>\n<li>Auftragsverarbeiter (z.\u00a0B. IT-Dienstleister, Webagentur)<\/li>\n<li>Vertragspartner des Betreibers (z.\u00a0B. Versanddienstleister)<\/li>\n<\/ul>\n<p><b>7.\u00a0\u00a0\u00a0\u00a0\u00a0\u00a0\u00a0\u00a0 Links zu Drittseiten<\/b><\/p>\n<p>Beim Besuch der Webseite k\u00f6nnten Inhalte angezeigt werden, die mit den Webseiten Dritter verlinkt sind. Der Betreiber hat keinen Zugang zu den Cookies oder anderen Funktionen, die von Drittseiten eingesetzt werden, noch kann der Betreiber diese kontrollieren. Solche Drittseiten unterliegen nicht den Datenschutzbestimmungen des Betreibers.<\/p>\n<\/div>\n","protected":false},"excerpt":{"rendered":"<p>Datenschutzerkl\u00e4rung 1.\u00a0\u00a0\u00a0\u00a0\u00a0\u00a0\u00a0\u00a0 Allgemeines 1.1\u00a0\u00a0\u00a0\u00a0\u00a0\u00a0\u00a0 Personenbezogene Daten (Art. 4 Nr. 1 DS-GVO) Gegenstand des Datenschutzes sind personenbezogene Daten (nachfolgend auch Daten). Dies sind alle Informationen, die sich auf eine identifizierte oder identifizierbare nat\u00fcrliche Person beziehen. Hierunter fallen z.\u00a0B. Angaben wie Name, Adresse, Beruf, E-Mail-Adresse, Gesundheitszustand, Einkommen, Familienstand, genetische Merkmale, Telefonnummer und gegebenenfalls auch Nutzerdaten wie die [&hellip;]<\/p>\n","protected":false},"author":1,"featured_media":0,"parent":0,"menu_order":106,"comment_status":"closed","ping_status":"closed","template":"","meta":{"_acf_changed":false,"footnotes":""},"class_list":["post-5538","page","type-page","status-publish","hentry"],"acf":[],"yoast_head":"<!-- This site is optimized with the Yoast SEO plugin v21.2 - https:\/\/yoast.com\/wordpress\/plugins\/seo\/ -->\n<title>Protection des donn\u00e9es - Jola Spezialschalter GmbH &amp; Co. KG<\/title>\n<meta name=\"robots\" content=\"index, follow, max-snippet:-1, max-image-preview:large, max-video-preview:-1\" \/>\n<link rel=\"canonical\" href=\"https:\/\/www.jola-info.de\/fr\/protection-des-donnees\/\" \/>\n<meta property=\"og:locale\" content=\"fr_FR\" \/>\n<meta property=\"og:type\" content=\"article\" \/>\n<meta property=\"og:title\" content=\"Protection des donn\u00e9es - Jola Spezialschalter GmbH &amp; Co. KG\" \/>\n<meta property=\"og:description\" content=\"Datenschutzerkl\u00e4rung 1.\u00a0\u00a0\u00a0\u00a0\u00a0\u00a0\u00a0\u00a0 Allgemeines 1.1\u00a0\u00a0\u00a0\u00a0\u00a0\u00a0\u00a0 Personenbezogene Daten (Art. 4 Nr. 1 DS-GVO) Gegenstand des Datenschutzes sind personenbezogene Daten (nachfolgend auch Daten). Dies sind alle Informationen, die sich auf eine identifizierte oder identifizierbare nat\u00fcrliche Person beziehen. Hierunter fallen z.\u00a0B. Angaben wie Name, Adresse, Beruf, E-Mail-Adresse, Gesundheitszustand, Einkommen, Familienstand, genetische Merkmale, Telefonnummer und gegebenenfalls auch Nutzerdaten wie die [&hellip;]\" \/>\n<meta property=\"og:url\" content=\"https:\/\/www.jola-info.de\/fr\/protection-des-donnees\/\" \/>\n<meta property=\"og:site_name\" content=\"Jola Spezialschalter GmbH &amp; Co. KG\" \/>\n<meta property=\"article:modified_time\" content=\"2021-01-20T11:01:40+00:00\" \/>\n<meta name=\"twitter:card\" content=\"summary_large_image\" \/>\n<meta name=\"twitter:label1\" content=\"Dur\u00e9e de lecture estim\u00e9e\" \/>\n\t<meta name=\"twitter:data1\" content=\"10 minutes\" \/>\n<script type=\"application\/ld+json\" class=\"yoast-schema-graph\">{\"@context\":\"https:\/\/schema.org\",\"@graph\":[{\"@type\":\"WebPage\",\"@id\":\"https:\/\/www.jola-info.de\/fr\/protection-des-donnees\/\",\"url\":\"https:\/\/www.jola-info.de\/fr\/protection-des-donnees\/\",\"name\":\"Protection des donn\u00e9es - Jola Spezialschalter GmbH &amp; Co. KG\",\"isPartOf\":{\"@id\":\"https:\/\/www.jola-info.de\/#website\"},\"datePublished\":\"2018-01-02T15:46:17+00:00\",\"dateModified\":\"2021-01-20T11:01:40+00:00\",\"breadcrumb\":{\"@id\":\"https:\/\/www.jola-info.de\/fr\/protection-des-donnees\/#breadcrumb\"},\"inLanguage\":\"fr-FR\",\"potentialAction\":[{\"@type\":\"ReadAction\",\"target\":[\"https:\/\/www.jola-info.de\/fr\/protection-des-donnees\/\"]}]},{\"@type\":\"BreadcrumbList\",\"@id\":\"https:\/\/www.jola-info.de\/fr\/protection-des-donnees\/#breadcrumb\",\"itemListElement\":[{\"@type\":\"ListItem\",\"position\":1,\"name\":\"\",\"item\":\"https:\/\/www.jola-info.de\/fr\/\"},{\"@type\":\"ListItem\",\"position\":2,\"name\":\"Protection des donn\u00e9es\"}]},{\"@type\":\"WebSite\",\"@id\":\"https:\/\/www.jola-info.de\/#website\",\"url\":\"https:\/\/www.jola-info.de\/\",\"name\":\"Jola Spezialschalter GmbH &amp; Co. KG\",\"description\":\"F\u00fcllstandsmessung, Leckagedetektion, Leckagewarnger\u00e4te, K\u00fchldecken-Regelger\u00e4te, Endschalter\",\"potentialAction\":[{\"@type\":\"SearchAction\",\"target\":{\"@type\":\"EntryPoint\",\"urlTemplate\":\"https:\/\/www.jola-info.de\/?s={search_term_string}\"},\"query-input\":\"required name=search_term_string\"}],\"inLanguage\":\"fr-FR\"}]}<\/script>\n<!-- \/ Yoast SEO plugin. -->","yoast_head_json":{"title":"Protection des donn\u00e9es - Jola Spezialschalter GmbH &amp; Co. KG","robots":{"index":"index","follow":"follow","max-snippet":"max-snippet:-1","max-image-preview":"max-image-preview:large","max-video-preview":"max-video-preview:-1"},"canonical":"https:\/\/www.jola-info.de\/fr\/protection-des-donnees\/","og_locale":"fr_FR","og_type":"article","og_title":"Protection des donn\u00e9es - Jola Spezialschalter GmbH &amp; Co. KG","og_description":"Datenschutzerkl\u00e4rung 1.\u00a0\u00a0\u00a0\u00a0\u00a0\u00a0\u00a0\u00a0 Allgemeines 1.1\u00a0\u00a0\u00a0\u00a0\u00a0\u00a0\u00a0 Personenbezogene Daten (Art. 4 Nr. 1 DS-GVO) Gegenstand des Datenschutzes sind personenbezogene Daten (nachfolgend auch Daten). Dies sind alle Informationen, die sich auf eine identifizierte oder identifizierbare nat\u00fcrliche Person beziehen. Hierunter fallen z.\u00a0B. Angaben wie Name, Adresse, Beruf, E-Mail-Adresse, Gesundheitszustand, Einkommen, Familienstand, genetische Merkmale, Telefonnummer und gegebenenfalls auch Nutzerdaten wie die [&hellip;]","og_url":"https:\/\/www.jola-info.de\/fr\/protection-des-donnees\/","og_site_name":"Jola Spezialschalter GmbH &amp; Co. KG","article_modified_time":"2021-01-20T11:01:40+00:00","twitter_card":"summary_large_image","twitter_misc":{"Dur\u00e9e de lecture estim\u00e9e":"10 minutes"},"schema":{"@context":"https:\/\/schema.org","@graph":[{"@type":"WebPage","@id":"https:\/\/www.jola-info.de\/fr\/protection-des-donnees\/","url":"https:\/\/www.jola-info.de\/fr\/protection-des-donnees\/","name":"Protection des donn\u00e9es - Jola Spezialschalter GmbH &amp; Co. KG","isPartOf":{"@id":"https:\/\/www.jola-info.de\/#website"},"datePublished":"2018-01-02T15:46:17+00:00","dateModified":"2021-01-20T11:01:40+00:00","breadcrumb":{"@id":"https:\/\/www.jola-info.de\/fr\/protection-des-donnees\/#breadcrumb"},"inLanguage":"fr-FR","potentialAction":[{"@type":"ReadAction","target":["https:\/\/www.jola-info.de\/fr\/protection-des-donnees\/"]}]},{"@type":"BreadcrumbList","@id":"https:\/\/www.jola-info.de\/fr\/protection-des-donnees\/#breadcrumb","itemListElement":[{"@type":"ListItem","position":1,"name":"","item":"https:\/\/www.jola-info.de\/fr\/"},{"@type":"ListItem","position":2,"name":"Protection des donn\u00e9es"}]},{"@type":"WebSite","@id":"https:\/\/www.jola-info.de\/#website","url":"https:\/\/www.jola-info.de\/","name":"Jola Spezialschalter GmbH &amp; Co. KG","description":"F\u00fcllstandsmessung, Leckagedetektion, Leckagewarnger\u00e4te, K\u00fchldecken-Regelger\u00e4te, Endschalter","potentialAction":[{"@type":"SearchAction","target":{"@type":"EntryPoint","urlTemplate":"https:\/\/www.jola-info.de\/?s={search_term_string}"},"query-input":"required name=search_term_string"}],"inLanguage":"fr-FR"}]}},"_links":{"self":[{"href":"https:\/\/www.jola-info.de\/fr\/wp-json\/wp\/v2\/pages\/5538","targetHints":{"allow":["GET"]}}],"collection":[{"href":"https:\/\/www.jola-info.de\/fr\/wp-json\/wp\/v2\/pages"}],"about":[{"href":"https:\/\/www.jola-info.de\/fr\/wp-json\/wp\/v2\/types\/page"}],"author":[{"embeddable":true,"href":"https:\/\/www.jola-info.de\/fr\/wp-json\/wp\/v2\/users\/1"}],"replies":[{"embeddable":true,"href":"https:\/\/www.jola-info.de\/fr\/wp-json\/wp\/v2\/comments?post=5538"}],"version-history":[{"count":3,"href":"https:\/\/www.jola-info.de\/fr\/wp-json\/wp\/v2\/pages\/5538\/revisions"}],"predecessor-version":[{"id":9453,"href":"https:\/\/www.jola-info.de\/fr\/wp-json\/wp\/v2\/pages\/5538\/revisions\/9453"}],"wp:attachment":[{"href":"https:\/\/www.jola-info.de\/fr\/wp-json\/wp\/v2\/media?parent=5538"}],"curies":[{"name":"wp","href":"https:\/\/api.w.org\/{rel}","templated":true}]}}